{"id":1234,"date":"2023-11-06T18:46:54","date_gmt":"2023-11-06T17:46:54","guid":{"rendered":"http:\/\/www.irenefeste.com\/?page_id=1234"},"modified":"2023-11-06T19:19:15","modified_gmt":"2023-11-06T18:19:15","slug":"jean-henri-gourdoux-daux","status":"publish","type":"page","link":"https:\/\/www.irenefeste.com\/?page_id=1234","title":{"rendered":"Jean-Henri Gourdoux-Daux"},"content":{"rendered":"\n<p>Ma\u00eetre de danse \u00e0 Paris (\u00a0? \u2013 1841)<\/p>\n\n\n\n<ul class=\"wp-block-list\">\n<li><strong>2014 : Programme d&rsquo;Aide \u00e0 la recherche et au Patrimoine en Danse du Centre National de la Danse<\/strong><\/li>\n<\/ul>\n\n\n\n<p class=\"has-text-align-center\"><strong><em>\u00ab\u00a0Evolution de la danse de bal sous le Premier Empire et la Restauration \u00e0 travers le corpus chor\u00e9graphique des trait\u00e9s de J. H. Gourdoux-Daux, entre 1811 et 1823\u00a0\u00bb<\/em><\/strong><\/p>\n\n\n\n<p>Travail de restitution des pas, des diff\u00e9rents \u00ab\u00a0traits de contredanses\u00a0\u00bb et des danses de bals pratiqu\u00e9s sous la Premi\u00e8re R\u00e9publique, le Premier Empire et la Restauration.<\/p>\n\n\n\n<p>Recueils de r\u00e9f\u00e9rence :<\/p>\n\n\n\n<p>&nbsp;&#8211;&nbsp;Recueils de danses de Gourdoux-Daux, publi\u00e9s entre 1811 et 1823<\/p>\n\n\n\n<p>&#8211; Trait\u00e9s de danses de Thomas Wilson, 1816, 1820<\/p>\n\n\n\n<p>&#8211; Elements of the Art of dancing, Strathy, 1822<\/p>\n\n\n\n<p><a href=\"https:\/\/www.cnd.fr\/fr\/file\/file\/136\/inline\/Ir\u00e8ne%20Feste%20et%20Pierre-Fran\u00e7ois%20Doll\u00e9.pdf\">https:\/\/www.cnd.fr\/fr\/file\/file\/136\/inline\/Ir\u00e8ne%20Feste%20et%20Pierre-Fran\u00e7ois%20Doll\u00e9.pdf<\/a><\/p>\n","protected":false},"excerpt":{"rendered":"<p>Ma\u00eetre de danse \u00e0 Paris (\u00a0? \u2013 1841) \u00ab\u00a0Evolution de la danse de bal sous le Premier Empire et la Restauration \u00e0 travers le corpus chor\u00e9graphique des trait\u00e9s de J. H. Gourdoux-Daux, entre 1811 et 1823\u00a0\u00bb Travail de restitution des pas, des diff\u00e9rents \u00ab\u00a0traits de contredanses\u00a0\u00bb et des danses de bals pratiqu\u00e9s sous la Premi\u00e8re &hellip; <a href=\"https:\/\/www.irenefeste.com\/?page_id=1234\" class=\"more-link\">Continuer la lecture de <span class=\"screen-reader-text\">Jean-Henri Gourdoux-Daux<\/span> <span class=\"meta-nav\">&rarr;<\/span><\/a><\/p>\n","protected":false},"author":1,"featured_media":0,"parent":165,"menu_order":2,"comment_status":"closed","ping_status":"closed","template":"","meta":{"footnotes":""},"class_list":["post-1234","page","type-page","status-publish","hentry"],"_links":{"self":[{"href":"https:\/\/www.irenefeste.com\/index.php?rest_route=\/wp\/v2\/pages\/1234","targetHints":{"allow":["GET"]}}],"collection":[{"href":"https:\/\/www.irenefeste.com\/index.php?rest_route=\/wp\/v2\/pages"}],"about":[{"href":"https:\/\/www.irenefeste.com\/index.php?rest_route=\/wp\/v2\/types\/page"}],"author":[{"embeddable":true,"href":"https:\/\/www.irenefeste.com\/index.php?rest_route=\/wp\/v2\/users\/1"}],"replies":[{"embeddable":true,"href":"https:\/\/www.irenefeste.com\/index.php?rest_route=%2Fwp%2Fv2%2Fcomments&post=1234"}],"version-history":[{"count":4,"href":"https:\/\/www.irenefeste.com\/index.php?rest_route=\/wp\/v2\/pages\/1234\/revisions"}],"predecessor-version":[{"id":1255,"href":"https:\/\/www.irenefeste.com\/index.php?rest_route=\/wp\/v2\/pages\/1234\/revisions\/1255"}],"up":[{"embeddable":true,"href":"https:\/\/www.irenefeste.com\/index.php?rest_route=\/wp\/v2\/pages\/165"}],"wp:attachment":[{"href":"https:\/\/www.irenefeste.com\/index.php?rest_route=%2Fwp%2Fv2%2Fmedia&parent=1234"}],"curies":[{"name":"wp","href":"https:\/\/api.w.org\/{rel}","templated":true}]}}