{"id":1507,"date":"2026-03-12T19:16:11","date_gmt":"2026-03-12T18:16:11","guid":{"rendered":"https:\/\/www.irenefeste.com\/?page_id=1507"},"modified":"2026-03-12T20:56:07","modified_gmt":"2026-03-12T19:56:07","slug":"les-jumeaux-de-bergame","status":"publish","type":"page","link":"https:\/\/www.irenefeste.com\/?page_id=1507","title":{"rendered":"Les Jumeaux de Bergame"},"content":{"rendered":"\n<p><strong>Com\u00e9die de Jean-Pierre Claris de FLORIAN, 1782<\/strong><\/p>\n\n\n\n<p>Cr\u00e9\u00e9e \u00e0 Paris peu avant la R\u00e9volution, cette com\u00e9die de masques a inspir\u00e9 deux op\u00e9ras et un ballet, tant elle donne envie de bouger, danser, chanter&nbsp;! Honneur \u00e0 son texte d\u2019origine, car par sa fra\u00eecheur et sa vivacit\u00e9, danses et chansons y trouvent naturellement leur place. Et dans ce petit \u00e9crin, l\u2019inspiration italienne fait de l\u2019\u0153il \u00e0 la gouaille parisienne.<\/p>\n\n\n\n<p>La pi\u00e8ce fut un triomphe dans le parcours litt\u00e9raire de Florian. L\u2019injuste oubli dans lequel on plongea l\u2019ensemble des succ\u00e8s sc\u00e9niques de ce temps (en pr\u00e9servant le \u00ab&nbsp;cas&nbsp;\u00bb Marivaux et deux com\u00e9dies incontournables de Beaumarchais) doit aujourd\u2019hui \u00eatre combattu avec force. F\u00e9minisme de fait et lecture sociale sont d\u2019autant plus r\u00e9jouissants ici qu\u2019ils sont pr\u00e9sent\u00e9s conjointement au bonheur de vivre et de grandir \u00e0 deux.<\/p>\n\n\n\n<figure class=\"wp-block-embed aligncenter is-type-video is-provider-youtube wp-block-embed-youtube wp-embed-aspect-16-9 wp-has-aspect-ratio\"><div class=\"wp-block-embed__wrapper\">\n<iframe loading=\"lazy\" title=\"Les Jumeaux de Bergame - Teaser\" width=\"604\" height=\"340\" src=\"https:\/\/www.youtube.com\/embed\/1-600eO6iVo?feature=oembed\" frameborder=\"0\" allow=\"accelerometer; autoplay; clipboard-write; encrypted-media; gyroscope; picture-in-picture; web-share\" referrerpolicy=\"strict-origin-when-cross-origin\" allowfullscreen><\/iframe>\n<\/div><\/figure>\n\n\n\n<div class=\"wp-block-group is-vertical is-layout-flex wp-container-core-group-is-layout-8cf370e7 wp-block-group-is-layout-flex\">\n<p>Chor\u00e9graphies d\u2019Ir\u00e8ne Feste<\/p>\n\n\n\n<p>M\u00e9lodies vocales de William Chenel<\/p>\n\n\n\n<p>R\u00e9gie son&nbsp;: Ambre Ruiz<\/p>\n\n\n\n<p>Mise en sc\u00e8ne&nbsp;: Pascal Ruiz<\/p>\n\n\n\n<p>Avec Carmen Brown, William Chenel, Ir\u00e8ne Feste, Pascal Ruiz<\/p>\n<\/div>\n\n\n\n<p>Contact : contact(at)dansesaupasse.fr<\/p>\n\n\n\n<div class=\"wp-block-group is-vertical is-layout-flex wp-container-core-group-is-layout-8cf370e7 wp-block-group-is-layout-flex\"><\/div>\n\n\n\n<p><\/p>\n","protected":false},"excerpt":{"rendered":"<p>Com\u00e9die de Jean-Pierre Claris de FLORIAN, 1782 Cr\u00e9\u00e9e \u00e0 Paris peu avant la R\u00e9volution, cette com\u00e9die de masques a inspir\u00e9 deux op\u00e9ras et un ballet, tant elle donne envie de bouger, danser, chanter&nbsp;! Honneur \u00e0 son texte d\u2019origine, car par sa fra\u00eecheur et sa vivacit\u00e9, danses et chansons y trouvent naturellement leur place. Et dans &hellip; <a href=\"https:\/\/www.irenefeste.com\/?page_id=1507\" class=\"more-link\">Continuer la lecture de <span class=\"screen-reader-text\">Les Jumeaux de Bergame<\/span> <span class=\"meta-nav\">&rarr;<\/span><\/a><\/p>\n","protected":false},"author":1,"featured_media":0,"parent":998,"menu_order":1,"comment_status":"closed","ping_status":"closed","template":"","meta":{"footnotes":""},"class_list":["post-1507","page","type-page","status-publish","hentry"],"_links":{"self":[{"href":"https:\/\/www.irenefeste.com\/index.php?rest_route=\/wp\/v2\/pages\/1507","targetHints":{"allow":["GET"]}}],"collection":[{"href":"https:\/\/www.irenefeste.com\/index.php?rest_route=\/wp\/v2\/pages"}],"about":[{"href":"https:\/\/www.irenefeste.com\/index.php?rest_route=\/wp\/v2\/types\/page"}],"author":[{"embeddable":true,"href":"https:\/\/www.irenefeste.com\/index.php?rest_route=\/wp\/v2\/users\/1"}],"replies":[{"embeddable":true,"href":"https:\/\/www.irenefeste.com\/index.php?rest_route=%2Fwp%2Fv2%2Fcomments&post=1507"}],"version-history":[{"count":5,"href":"https:\/\/www.irenefeste.com\/index.php?rest_route=\/wp\/v2\/pages\/1507\/revisions"}],"predecessor-version":[{"id":1560,"href":"https:\/\/www.irenefeste.com\/index.php?rest_route=\/wp\/v2\/pages\/1507\/revisions\/1560"}],"up":[{"embeddable":true,"href":"https:\/\/www.irenefeste.com\/index.php?rest_route=\/wp\/v2\/pages\/998"}],"wp:attachment":[{"href":"https:\/\/www.irenefeste.com\/index.php?rest_route=%2Fwp%2Fv2%2Fmedia&parent=1507"}],"curies":[{"name":"wp","href":"https:\/\/api.w.org\/{rel}","templated":true}]}}