{"id":1537,"date":"2026-03-12T20:13:13","date_gmt":"2026-03-12T19:13:13","guid":{"rendered":"https:\/\/www.irenefeste.com\/?page_id=1537"},"modified":"2026-03-12T20:57:10","modified_gmt":"2026-03-12T19:57:10","slug":"une-petite-histoire-de-la-danse-baroque","status":"publish","type":"page","link":"https:\/\/www.irenefeste.com\/?page_id=1537","title":{"rendered":"Une petite histoire de la danse baroque"},"content":{"rendered":"\n<p><strong>Conf\u00e9rence dans\u00e9e<\/strong><\/p>\n\n\n\n<p>Les XVII<sup>\u00e8me<\/sup> et XVIII<sup>\u00e8me<\/sup> si\u00e8cles voient l\u2019\u00e9mergence d\u2019un style de danse&nbsp;: la \u00ab&nbsp;Belle Dance&nbsp;\u00bb, commun\u00e9ment appel\u00e9e danse baroque, qui s\u2019av\u00e8re \u00eatre \u00e0 l\u2019origine de la danse classique d\u2019aujourd\u2019hui.<\/p>\n\n\n\n<p>C\u2019est sous l\u2019impulsion de Louis XIV, grand amateur d\u2019Art, que sont cr\u00e9\u00e9es deux grandes institutions d\u00e9di\u00e9es \u00e0 la danse : l\u2019Acad\u00e9mie Royale de Danse en 1661, l\u2019Acad\u00e9mie Royale de Musique en 1669 et que l&rsquo;esth\u00e9tique du corps est codifi\u00e9e par les grands ma\u0131\u0302tres \u00e0 danser. Cette conf\u00e9rence dans\u00e9e s\u2019adresse aux artistes amateurs, passionn\u00e9s curieux de d\u00e9couvrir l\u2019univers baroque du Grand Si\u00e8cle.&nbsp;<\/p>\n\n\n<div class=\"wp-block-image is-style-default\">\n<figure class=\"aligncenter size-full is-resized\"><a href=\"http:\/\/www.irenefeste.com\/wp-content\/uploads\/2024\/08\/Danses-au-Passe-Baroque.jpg\"><img loading=\"lazy\" decoding=\"async\" width=\"1024\" height=\"768\" src=\"http:\/\/www.irenefeste.com\/wp-content\/uploads\/2024\/08\/Danses-au-Passe-Baroque.jpg\" alt=\"\" class=\"wp-image-1324\" style=\"width:403px;height:auto\" srcset=\"https:\/\/www.irenefeste.com\/wp-content\/uploads\/2024\/08\/Danses-au-Passe-Baroque.jpg 1024w, https:\/\/www.irenefeste.com\/wp-content\/uploads\/2024\/08\/Danses-au-Passe-Baroque-300x225.jpg 300w, https:\/\/www.irenefeste.com\/wp-content\/uploads\/2024\/08\/Danses-au-Passe-Baroque-768x576.jpg 768w, https:\/\/www.irenefeste.com\/wp-content\/uploads\/2024\/08\/Danses-au-Passe-Baroque-600x450.jpg 600w\" sizes=\"auto, (max-width: 1024px) 100vw, 1024px\" \/><\/a><\/figure><\/div>\n\n\n<p>Contact : contact(at)dansesaupasse.fr<\/p>\n","protected":false},"excerpt":{"rendered":"<p>Conf\u00e9rence dans\u00e9e Les XVII\u00e8me et XVIII\u00e8me si\u00e8cles voient l\u2019\u00e9mergence d\u2019un style de danse&nbsp;: la \u00ab&nbsp;Belle Dance&nbsp;\u00bb, commun\u00e9ment appel\u00e9e danse baroque, qui s\u2019av\u00e8re \u00eatre \u00e0 l\u2019origine de la danse classique d\u2019aujourd\u2019hui. C\u2019est sous l\u2019impulsion de Louis XIV, grand amateur d\u2019Art, que sont cr\u00e9\u00e9es deux grandes institutions d\u00e9di\u00e9es \u00e0 la danse : l\u2019Acad\u00e9mie Royale de Danse en &hellip; <a href=\"https:\/\/www.irenefeste.com\/?page_id=1537\" class=\"more-link\">Continuer la lecture de <span class=\"screen-reader-text\">Une petite histoire de la danse baroque<\/span> <span class=\"meta-nav\">&rarr;<\/span><\/a><\/p>\n","protected":false},"author":1,"featured_media":0,"parent":998,"menu_order":4,"comment_status":"closed","ping_status":"closed","template":"","meta":{"footnotes":""},"class_list":["post-1537","page","type-page","status-publish","hentry"],"_links":{"self":[{"href":"https:\/\/www.irenefeste.com\/index.php?rest_route=\/wp\/v2\/pages\/1537","targetHints":{"allow":["GET"]}}],"collection":[{"href":"https:\/\/www.irenefeste.com\/index.php?rest_route=\/wp\/v2\/pages"}],"about":[{"href":"https:\/\/www.irenefeste.com\/index.php?rest_route=\/wp\/v2\/types\/page"}],"author":[{"embeddable":true,"href":"https:\/\/www.irenefeste.com\/index.php?rest_route=\/wp\/v2\/users\/1"}],"replies":[{"embeddable":true,"href":"https:\/\/www.irenefeste.com\/index.php?rest_route=%2Fwp%2Fv2%2Fcomments&post=1537"}],"version-history":[{"count":4,"href":"https:\/\/www.irenefeste.com\/index.php?rest_route=\/wp\/v2\/pages\/1537\/revisions"}],"predecessor-version":[{"id":1563,"href":"https:\/\/www.irenefeste.com\/index.php?rest_route=\/wp\/v2\/pages\/1537\/revisions\/1563"}],"up":[{"embeddable":true,"href":"https:\/\/www.irenefeste.com\/index.php?rest_route=\/wp\/v2\/pages\/998"}],"wp:attachment":[{"href":"https:\/\/www.irenefeste.com\/index.php?rest_route=%2Fwp%2Fv2%2Fmedia&parent=1537"}],"curies":[{"name":"wp","href":"https:\/\/api.w.org\/{rel}","templated":true}]}}